{"id":596,"date":"2021-04-03T10:02:34","date_gmt":"2021-04-03T10:02:34","guid":{"rendered":"http:\/\/dufdesign.cz\/?page_id=596"},"modified":"2021-04-03T13:05:59","modified_gmt":"2021-04-03T13:05:59","slug":"provence","status":"publish","type":"page","link":"https:\/\/dufdesign.cz\/?page_id=596","title":{"rendered":"Provence"},"content":{"rendered":"\n<p>Obrazy z cest krajem delf\u00edna<\/p>\n\n\n\n<div class=\"wp-block-columns is-layout-flex wp-container-core-columns-is-layout-9d6595d7 wp-block-columns-is-layout-flex\">\n<div class=\"wp-block-column is-layout-flow wp-block-column-is-layout-flow\" style=\"flex-basis:100%\">\n<p>Kol\u00e1\u017ee<\/p>\n\n\n\n<div class=\"wp-block-group\"><div class=\"wp-block-group__inner-container is-layout-flow wp-block-group-is-layout-flow\">\n<figure class=\"wp-block-gallery columns-6 is-cropped wp-block-gallery-1 is-layout-flex wp-block-gallery-is-layout-flex\"><ul class=\"blocks-gallery-grid\"><li class=\"blocks-gallery-item\"><figure><a href=\"http:\/\/dufdesign.cz\/wp-content\/uploads\/Une_maison_autour_de_Bonnieux-scaled.jpg\"><img loading=\"lazy\" decoding=\"async\" width=\"678\" height=\"1024\" src=\"http:\/\/dufdesign.cz\/wp-content\/uploads\/Une_maison_autour_de_Bonnieux-678x1024.jpg\" alt=\"\" data-id=\"594\" data-full-url=\"http:\/\/dufdesign.cz\/wp-content\/uploads\/Une_maison_autour_de_Bonnieux-scaled.jpg\" data-link=\"http:\/\/dufdesign.cz\/?attachment_id=594\" class=\"wp-image-594\" srcset=\"https:\/\/dufdesign.cz\/wp-content\/uploads\/Une_maison_autour_de_Bonnieux-678x1024.jpg 678w, https:\/\/dufdesign.cz\/wp-content\/uploads\/Une_maison_autour_de_Bonnieux-199x300.jpg 199w, https:\/\/dufdesign.cz\/wp-content\/uploads\/Une_maison_autour_de_Bonnieux-768x1160.jpg 768w, https:\/\/dufdesign.cz\/wp-content\/uploads\/Une_maison_autour_de_Bonnieux-1017x1536.jpg 1017w, https:\/\/dufdesign.cz\/wp-content\/uploads\/Une_maison_autour_de_Bonnieux-1356x2048.jpg 1356w, https:\/\/dufdesign.cz\/wp-content\/uploads\/Une_maison_autour_de_Bonnieux-scaled.jpg 1695w\" sizes=\"auto, (max-width: 678px) 100vw, 678px\" \/><\/a><figcaption class=\"blocks-gallery-item__caption\">Une Maison autour de Bonnieux<\/figcaption><\/figure><\/li><li class=\"blocks-gallery-item\"><figure><a href=\"http:\/\/dufdesign.cz\/wp-content\/uploads\/Saint-Maries-de-la-mer-scaled.jpg\"><img loading=\"lazy\" decoding=\"async\" width=\"682\" height=\"1024\" src=\"http:\/\/dufdesign.cz\/wp-content\/uploads\/Saint-Maries-de-la-mer-682x1024.jpg\" alt=\"\" data-id=\"593\" data-full-url=\"http:\/\/dufdesign.cz\/wp-content\/uploads\/Saint-Maries-de-la-mer-scaled.jpg\" data-link=\"http:\/\/dufdesign.cz\/?attachment_id=593\" class=\"wp-image-593\" srcset=\"https:\/\/dufdesign.cz\/wp-content\/uploads\/Saint-Maries-de-la-mer-682x1024.jpg 682w, https:\/\/dufdesign.cz\/wp-content\/uploads\/Saint-Maries-de-la-mer-200x300.jpg 200w, https:\/\/dufdesign.cz\/wp-content\/uploads\/Saint-Maries-de-la-mer-768x1153.jpg 768w, https:\/\/dufdesign.cz\/wp-content\/uploads\/Saint-Maries-de-la-mer-1023x1536.jpg 1023w, https:\/\/dufdesign.cz\/wp-content\/uploads\/Saint-Maries-de-la-mer-1364x2048.jpg 1364w, https:\/\/dufdesign.cz\/wp-content\/uploads\/Saint-Maries-de-la-mer-scaled.jpg 1705w\" sizes=\"auto, (max-width: 682px) 100vw, 682px\" \/><\/a><figcaption class=\"blocks-gallery-item__caption\">Saint Maries de la Mer<\/figcaption><\/figure><\/li><li class=\"blocks-gallery-item\"><figure><a href=\"http:\/\/dufdesign.cz\/wp-content\/uploads\/Chateau-dAvignon_Saint-Maries-de-la-Mer-scaled.jpg\"><img loading=\"lazy\" decoding=\"async\" width=\"679\" height=\"1024\" src=\"http:\/\/dufdesign.cz\/wp-content\/uploads\/Chateau-dAvignon_Saint-Maries-de-la-Mer-679x1024.jpg\" alt=\"\" data-id=\"592\" data-full-url=\"http:\/\/dufdesign.cz\/wp-content\/uploads\/Chateau-dAvignon_Saint-Maries-de-la-Mer-scaled.jpg\" data-link=\"http:\/\/dufdesign.cz\/?attachment_id=592\" class=\"wp-image-592\" srcset=\"https:\/\/dufdesign.cz\/wp-content\/uploads\/Chateau-dAvignon_Saint-Maries-de-la-Mer-679x1024.jpg 679w, https:\/\/dufdesign.cz\/wp-content\/uploads\/Chateau-dAvignon_Saint-Maries-de-la-Mer-199x300.jpg 199w, https:\/\/dufdesign.cz\/wp-content\/uploads\/Chateau-dAvignon_Saint-Maries-de-la-Mer-768x1159.jpg 768w, https:\/\/dufdesign.cz\/wp-content\/uploads\/Chateau-dAvignon_Saint-Maries-de-la-Mer-1018x1536.jpg 1018w, https:\/\/dufdesign.cz\/wp-content\/uploads\/Chateau-dAvignon_Saint-Maries-de-la-Mer-1358x2048.jpg 1358w, https:\/\/dufdesign.cz\/wp-content\/uploads\/Chateau-dAvignon_Saint-Maries-de-la-Mer-scaled.jpg 1697w\" sizes=\"auto, (max-width: 679px) 100vw, 679px\" \/><\/a><figcaption class=\"blocks-gallery-item__caption\">Saint Maries de la Mer \u2013 Chateau d&#8217;Avignon<\/figcaption><\/figure><\/li><li class=\"blocks-gallery-item\"><figure><a href=\"http:\/\/dufdesign.cz\/wp-content\/uploads\/Arles_Rond-point-des-Arenes-scaled.jpg\"><img loading=\"lazy\" decoding=\"async\" width=\"1024\" height=\"684\" src=\"http:\/\/dufdesign.cz\/wp-content\/uploads\/Arles_Rond-point-des-Arenes-1024x684.jpg\" alt=\"\" data-id=\"591\" data-full-url=\"http:\/\/dufdesign.cz\/wp-content\/uploads\/Arles_Rond-point-des-Arenes-scaled.jpg\" data-link=\"http:\/\/dufdesign.cz\/?attachment_id=591\" class=\"wp-image-591\"\/><\/a><figcaption class=\"blocks-gallery-item__caption\">Arles \u2013 Rond point des Arenes<\/figcaption><\/figure><\/li><li class=\"blocks-gallery-item\"><figure><a href=\"http:\/\/dufdesign.cz\/wp-content\/uploads\/Aix-en-Provence_Place-forum-des-Cardeurs-scaled.jpg\"><img loading=\"lazy\" decoding=\"async\" width=\"1024\" height=\"681\" src=\"http:\/\/dufdesign.cz\/wp-content\/uploads\/Aix-en-Provence_Place-forum-des-Cardeurs-1024x681.jpg\" alt=\"\" data-id=\"590\" data-full-url=\"http:\/\/dufdesign.cz\/wp-content\/uploads\/Aix-en-Provence_Place-forum-des-Cardeurs-scaled.jpg\" data-link=\"http:\/\/dufdesign.cz\/?attachment_id=590\" class=\"wp-image-590\" srcset=\"https:\/\/dufdesign.cz\/wp-content\/uploads\/Aix-en-Provence_Place-forum-des-Cardeurs-1024x681.jpg 1024w, https:\/\/dufdesign.cz\/wp-content\/uploads\/Aix-en-Provence_Place-forum-des-Cardeurs-300x200.jpg 300w, https:\/\/dufdesign.cz\/wp-content\/uploads\/Aix-en-Provence_Place-forum-des-Cardeurs-768x511.jpg 768w, https:\/\/dufdesign.cz\/wp-content\/uploads\/Aix-en-Provence_Place-forum-des-Cardeurs-1536x1022.jpg 1536w, https:\/\/dufdesign.cz\/wp-content\/uploads\/Aix-en-Provence_Place-forum-des-Cardeurs-2048x1363.jpg 2048w\" sizes=\"auto, (max-width: 1024px) 100vw, 1024px\" \/><\/a><figcaption class=\"blocks-gallery-item__caption\">Aix en Provence  \u2013 Place Forum des Cardeurs<\/figcaption><\/figure><\/li><li class=\"blocks-gallery-item\"><figure><a href=\"http:\/\/dufdesign.cz\/wp-content\/uploads\/Aix-en-Provence_Place-de-Verdun-scaled.jpg\"><img loading=\"lazy\" decoding=\"async\" width=\"680\" height=\"1024\" src=\"http:\/\/dufdesign.cz\/wp-content\/uploads\/Aix-en-Provence_Place-de-Verdun-680x1024.jpg\" alt=\"\" data-id=\"589\" data-full-url=\"http:\/\/dufdesign.cz\/wp-content\/uploads\/Aix-en-Provence_Place-de-Verdun-scaled.jpg\" data-link=\"http:\/\/dufdesign.cz\/?attachment_id=589\" class=\"wp-image-589\" srcset=\"https:\/\/dufdesign.cz\/wp-content\/uploads\/Aix-en-Provence_Place-de-Verdun-680x1024.jpg 680w, https:\/\/dufdesign.cz\/wp-content\/uploads\/Aix-en-Provence_Place-de-Verdun-199x300.jpg 199w, https:\/\/dufdesign.cz\/wp-content\/uploads\/Aix-en-Provence_Place-de-Verdun-768x1157.jpg 768w, https:\/\/dufdesign.cz\/wp-content\/uploads\/Aix-en-Provence_Place-de-Verdun-1020x1536.jpg 1020w, https:\/\/dufdesign.cz\/wp-content\/uploads\/Aix-en-Provence_Place-de-Verdun-1360x2048.jpg 1360w, https:\/\/dufdesign.cz\/wp-content\/uploads\/Aix-en-Provence_Place-de-Verdun-scaled.jpg 1699w\" sizes=\"auto, (max-width: 680px) 100vw, 680px\" \/><\/a><figcaption class=\"blocks-gallery-item__caption\">Aix en Provence \u2013 Place de Verdun<\/figcaption><\/figure><\/li><\/ul><\/figure>\n<\/div><\/div>\n<\/div>\n<\/div>\n\n\n\n<p>Kresby<\/p>\n\n\n\n<figure class=\"wp-block-gallery columns-6 is-cropped wp-block-gallery-2 is-layout-flex wp-block-gallery-is-layout-flex\"><ul class=\"blocks-gallery-grid\"><li class=\"blocks-gallery-item\"><figure><a href=\"http:\/\/dufdesign.cz\/wp-content\/uploads\/Orange_Rue_Notre_Dame-scaled.jpg\"><img loading=\"lazy\" decoding=\"async\" width=\"1024\" height=\"774\" src=\"http:\/\/dufdesign.cz\/wp-content\/uploads\/Orange_Rue_Notre_Dame-1024x774.jpg\" alt=\"\" data-id=\"633\" data-full-url=\"http:\/\/dufdesign.cz\/wp-content\/uploads\/Orange_Rue_Notre_Dame-scaled.jpg\" data-link=\"http:\/\/dufdesign.cz\/?attachment_id=633\" class=\"wp-image-633\" srcset=\"https:\/\/dufdesign.cz\/wp-content\/uploads\/Orange_Rue_Notre_Dame-1024x774.jpg 1024w, https:\/\/dufdesign.cz\/wp-content\/uploads\/Orange_Rue_Notre_Dame-300x227.jpg 300w, https:\/\/dufdesign.cz\/wp-content\/uploads\/Orange_Rue_Notre_Dame-768x580.jpg 768w, https:\/\/dufdesign.cz\/wp-content\/uploads\/Orange_Rue_Notre_Dame-1536x1161.jpg 1536w, https:\/\/dufdesign.cz\/wp-content\/uploads\/Orange_Rue_Notre_Dame-2048x1547.jpg 2048w\" sizes=\"auto, (max-width: 1024px) 100vw, 1024px\" \/><\/a><figcaption class=\"blocks-gallery-item__caption\">Orange \u2013 Rue Notre Dame<\/figcaption><\/figure><\/li><li class=\"blocks-gallery-item\"><figure><a href=\"http:\/\/dufdesign.cz\/wp-content\/uploads\/Orange_La-Rue-Ancien-College-scaled.jpg\"><img loading=\"lazy\" decoding=\"async\" width=\"1024\" height=\"626\" src=\"http:\/\/dufdesign.cz\/wp-content\/uploads\/Orange_La-Rue-Ancien-College-1024x626.jpg\" alt=\"\" data-id=\"632\" data-full-url=\"http:\/\/dufdesign.cz\/wp-content\/uploads\/Orange_La-Rue-Ancien-College-scaled.jpg\" data-link=\"http:\/\/dufdesign.cz\/?attachment_id=632\" class=\"wp-image-632\" srcset=\"https:\/\/dufdesign.cz\/wp-content\/uploads\/Orange_La-Rue-Ancien-College-1024x626.jpg 1024w, https:\/\/dufdesign.cz\/wp-content\/uploads\/Orange_La-Rue-Ancien-College-300x184.jpg 300w, https:\/\/dufdesign.cz\/wp-content\/uploads\/Orange_La-Rue-Ancien-College-768x470.jpg 768w, https:\/\/dufdesign.cz\/wp-content\/uploads\/Orange_La-Rue-Ancien-College-1536x940.jpg 1536w, https:\/\/dufdesign.cz\/wp-content\/uploads\/Orange_La-Rue-Ancien-College-2048x1253.jpg 2048w\" sizes=\"auto, (max-width: 1024px) 100vw, 1024px\" \/><\/a><figcaption class=\"blocks-gallery-item__caption\">Orange \u2013 Rue Ancien College<\/figcaption><\/figure><\/li><li class=\"blocks-gallery-item\"><figure><a href=\"http:\/\/dufdesign.cz\/wp-content\/uploads\/Orane_La-Maison_Bleu-scaled.jpg\"><img loading=\"lazy\" decoding=\"async\" width=\"696\" height=\"1024\" src=\"http:\/\/dufdesign.cz\/wp-content\/uploads\/Orane_La-Maison_Bleu-696x1024.jpg\" alt=\"\" data-id=\"631\" data-full-url=\"http:\/\/dufdesign.cz\/wp-content\/uploads\/Orane_La-Maison_Bleu-scaled.jpg\" data-link=\"http:\/\/dufdesign.cz\/?attachment_id=631\" class=\"wp-image-631\" srcset=\"https:\/\/dufdesign.cz\/wp-content\/uploads\/Orane_La-Maison_Bleu-696x1024.jpg 696w, https:\/\/dufdesign.cz\/wp-content\/uploads\/Orane_La-Maison_Bleu-204x300.jpg 204w, https:\/\/dufdesign.cz\/wp-content\/uploads\/Orane_La-Maison_Bleu-768x1129.jpg 768w, https:\/\/dufdesign.cz\/wp-content\/uploads\/Orane_La-Maison_Bleu-1044x1536.jpg 1044w, https:\/\/dufdesign.cz\/wp-content\/uploads\/Orane_La-Maison_Bleu-1393x2048.jpg 1393w, https:\/\/dufdesign.cz\/wp-content\/uploads\/Orane_La-Maison_Bleu-scaled.jpg 1741w\" sizes=\"auto, (max-width: 696px) 100vw, 696px\" \/><\/a><figcaption class=\"blocks-gallery-item__caption\">Orane \u2013 La Maison Bleu<\/figcaption><\/figure><\/li><li class=\"blocks-gallery-item\"><figure><a href=\"http:\/\/dufdesign.cz\/wp-content\/uploads\/Vierge_dAvignon-scaled.jpg\"><img loading=\"lazy\" decoding=\"async\" width=\"688\" height=\"1024\" src=\"http:\/\/dufdesign.cz\/wp-content\/uploads\/Vierge_dAvignon-688x1024.jpg\" alt=\"\" data-id=\"630\" data-full-url=\"http:\/\/dufdesign.cz\/wp-content\/uploads\/Vierge_dAvignon-scaled.jpg\" data-link=\"http:\/\/dufdesign.cz\/?attachment_id=630\" class=\"wp-image-630\" srcset=\"https:\/\/dufdesign.cz\/wp-content\/uploads\/Vierge_dAvignon-688x1024.jpg 688w, https:\/\/dufdesign.cz\/wp-content\/uploads\/Vierge_dAvignon-201x300.jpg 201w, https:\/\/dufdesign.cz\/wp-content\/uploads\/Vierge_dAvignon-768x1144.jpg 768w, https:\/\/dufdesign.cz\/wp-content\/uploads\/Vierge_dAvignon-1031x1536.jpg 1031w, https:\/\/dufdesign.cz\/wp-content\/uploads\/Vierge_dAvignon-1375x2048.jpg 1375w, https:\/\/dufdesign.cz\/wp-content\/uploads\/Vierge_dAvignon-scaled.jpg 1719w\" sizes=\"auto, (max-width: 688px) 100vw, 688px\" \/><\/a><figcaption class=\"blocks-gallery-item__caption\">Vierge d&#8217;Avignon<\/figcaption><\/figure><\/li><li class=\"blocks-gallery-item\"><figure><a href=\"http:\/\/dufdesign.cz\/wp-content\/uploads\/Avignon_Place_du_Palais-scaled.jpg\"><img loading=\"lazy\" decoding=\"async\" width=\"706\" height=\"1024\" src=\"http:\/\/dufdesign.cz\/wp-content\/uploads\/Avignon_Place_du_Palais-706x1024.jpg\" alt=\"\" data-id=\"629\" data-full-url=\"http:\/\/dufdesign.cz\/wp-content\/uploads\/Avignon_Place_du_Palais-scaled.jpg\" data-link=\"http:\/\/dufdesign.cz\/?attachment_id=629\" class=\"wp-image-629\" srcset=\"https:\/\/dufdesign.cz\/wp-content\/uploads\/Avignon_Place_du_Palais-706x1024.jpg 706w, https:\/\/dufdesign.cz\/wp-content\/uploads\/Avignon_Place_du_Palais-207x300.jpg 207w, https:\/\/dufdesign.cz\/wp-content\/uploads\/Avignon_Place_du_Palais-768x1115.jpg 768w, https:\/\/dufdesign.cz\/wp-content\/uploads\/Avignon_Place_du_Palais-1058x1536.jpg 1058w, https:\/\/dufdesign.cz\/wp-content\/uploads\/Avignon_Place_du_Palais-1411x2048.jpg 1411w, https:\/\/dufdesign.cz\/wp-content\/uploads\/Avignon_Place_du_Palais-scaled.jpg 1764w\" sizes=\"auto, (max-width: 706px) 100vw, 706px\" \/><\/a><figcaption class=\"blocks-gallery-item__caption\">Avignon \u2013 Place du Palais<\/figcaption><\/figure><\/li><li class=\"blocks-gallery-item\"><figure><a href=\"http:\/\/dufdesign.cz\/wp-content\/uploads\/Avignon_Place_du_Cloitre_Saint_Pierre-scaled.jpg\"><img loading=\"lazy\" decoding=\"async\" width=\"536\" height=\"1024\" src=\"http:\/\/dufdesign.cz\/wp-content\/uploads\/Avignon_Place_du_Cloitre_Saint_Pierre-536x1024.jpg\" alt=\"\" data-id=\"628\" data-full-url=\"http:\/\/dufdesign.cz\/wp-content\/uploads\/Avignon_Place_du_Cloitre_Saint_Pierre-scaled.jpg\" data-link=\"http:\/\/dufdesign.cz\/?attachment_id=628\" class=\"wp-image-628\" srcset=\"https:\/\/dufdesign.cz\/wp-content\/uploads\/Avignon_Place_du_Cloitre_Saint_Pierre-536x1024.jpg 536w, https:\/\/dufdesign.cz\/wp-content\/uploads\/Avignon_Place_du_Cloitre_Saint_Pierre-157x300.jpg 157w, https:\/\/dufdesign.cz\/wp-content\/uploads\/Avignon_Place_du_Cloitre_Saint_Pierre-768x1467.jpg 768w, https:\/\/dufdesign.cz\/wp-content\/uploads\/Avignon_Place_du_Cloitre_Saint_Pierre-804x1536.jpg 804w, https:\/\/dufdesign.cz\/wp-content\/uploads\/Avignon_Place_du_Cloitre_Saint_Pierre-1072x2048.jpg 1072w, https:\/\/dufdesign.cz\/wp-content\/uploads\/Avignon_Place_du_Cloitre_Saint_Pierre-scaled.jpg 1340w\" sizes=\"auto, (max-width: 536px) 100vw, 536px\" \/><\/a><figcaption class=\"blocks-gallery-item__caption\">Avignon \u2013 Place du Cloitre Saint Pierre<\/figcaption><\/figure><\/li><\/ul><\/figure>\n","protected":false},"excerpt":{"rendered":"<p>Obrazy z cest krajem delf\u00edna Kol\u00e1\u017ee Kresby<\/p>\n","protected":false},"author":1,"featured_media":0,"parent":303,"menu_order":0,"comment_status":"closed","ping_status":"closed","template":"fullwidth.php","meta":{"footnotes":""},"class_list":["post-596","page","type-page","status-publish","hentry"],"_links":{"self":[{"href":"https:\/\/dufdesign.cz\/index.php?rest_route=\/wp\/v2\/pages\/596","targetHints":{"allow":["GET"]}}],"collection":[{"href":"https:\/\/dufdesign.cz\/index.php?rest_route=\/wp\/v2\/pages"}],"about":[{"href":"https:\/\/dufdesign.cz\/index.php?rest_route=\/wp\/v2\/types\/page"}],"author":[{"embeddable":true,"href":"https:\/\/dufdesign.cz\/index.php?rest_route=\/wp\/v2\/users\/1"}],"replies":[{"embeddable":true,"href":"https:\/\/dufdesign.cz\/index.php?rest_route=%2Fwp%2Fv2%2Fcomments&post=596"}],"version-history":[{"count":19,"href":"https:\/\/dufdesign.cz\/index.php?rest_route=\/wp\/v2\/pages\/596\/revisions"}],"predecessor-version":[{"id":637,"href":"https:\/\/dufdesign.cz\/index.php?rest_route=\/wp\/v2\/pages\/596\/revisions\/637"}],"up":[{"embeddable":true,"href":"https:\/\/dufdesign.cz\/index.php?rest_route=\/wp\/v2\/pages\/303"}],"wp:attachment":[{"href":"https:\/\/dufdesign.cz\/index.php?rest_route=%2Fwp%2Fv2%2Fmedia&parent=596"}],"curies":[{"name":"wp","href":"https:\/\/api.w.org\/{rel}","templated":true}]}}