{"id":442,"date":"2016-06-27T19:06:33","date_gmt":"2016-06-27T19:06:33","guid":{"rendered":"http:\/\/dufdesign.cz\/?page_id=442"},"modified":"2017-09-11T16:18:06","modified_gmt":"2017-09-11T16:18:06","slug":"o-me","status":"publish","type":"page","link":"https:\/\/dufdesign.cz\/?page_id=442","title":{"rendered":"O mn\u011b"},"content":{"rendered":"<table border=\"0\" width=\"500\">\n<tbody>\n<tr>\n<td align=\"left\" valign=\"top\" width=\"180\">\n<p align=\"left\"><a href=\"http:\/\/dufdesign.cz\/wp-content\/uploads\/portretmensi.png\"><span style=\"color: #333333;\"><br \/>\n<img loading=\"lazy\" decoding=\"async\" class=\"alignnone wp-image-411\" src=\"http:\/\/dufdesign.cz\/wp-content\/uploads\/portretmensi-297x300.png\" alt=\"portretmensi\" width=\"141\" height=\"142\" srcset=\"https:\/\/dufdesign.cz\/wp-content\/uploads\/portretmensi-297x300.png 297w, https:\/\/dufdesign.cz\/wp-content\/uploads\/portretmensi-150x150.png 150w, https:\/\/dufdesign.cz\/wp-content\/uploads\/portretmensi.png 300w\" sizes=\"auto, (max-width: 141px) 100vw, 141px\" \/><\/span><\/a><\/p>\n<p align=\"left\">Pavel Dufek<br \/>\n732 722 351<br \/>\n<a ><span \n                data-original-string='29R3LGaQbZiG8u6boIDWKw==d2f1SD\/I+OkhMtDSYYnMOXx9Sq+UB0BLz2npuIVT+ToXP4='\n                class='apbct-email-encoder'\n                title='This contact has been encoded by Anti-Spam by CleanTalk. Click to decode. To finish the decoding make sure that JavaScript is enabled in your browser.'>du<span class=\"apbct-blur\">*<\/span>@<span class=\"apbct-blur\">*******<\/span>gn.cz<\/span><\/a><\/p>\n<\/td>\n<td align=\"left\" width=\"500\">\n<p align=\"left\">Vystudoval jsem Hollarku a\u00a0n\u00e1sledn\u011b n\u00e1stavbu soci\u00e1ln\u00ed pr\u00e1ce.\u00a0Pracoval jsem v\u00a0reklamn\u00ed agentu\u0159e Srdce Evropy, Leo Burnett\u00a0a\u00a0Euro RSCG (dnes Havas). Od roku 2000 pracuji samostatn\u011b.<\/p>\n<p align=\"left\"><strong>Grafick\u00fd design<\/strong><\/p>\n<p align=\"left\">Jako OSV\u010c jsem nav\u00e1zal spolupr\u00e1ci jak s koncov\u00fdmi klienty, tak i\u00a0v\u00a0pozici subdodavatele s dal\u0161\u00edmi spole\u010dnostmi.\u00a0Dlouhdob\u011b\u00a0vytv\u00e1\u0159\u00edm (nebo jsem vytv\u00e1\u0159el) grafick\u00fd design pro spole\u010dnosti\u00a0STEM\/MARK, \u010cNB, LETI\u0160T\u011a PRAHA, B.I.G PRAGUE a dal\u0161\u00ed.<\/p>\n<p align=\"left\"><strong>Vektorov\u00e9 ilustrace<\/strong><\/p>\n<p align=\"left\">Vektorov\u00e9 ilustrace jsem za\u010dal d\u011blat v\u00a0roce 2003 pro \u010dasopis\u00a0Men\u2019s Health a\u00a0pracoval jsem pro n\u011bj a\u017e do jeho konce v\u00a0roce 2006. Dal\u0161\u00edm my\u0301m vy\u0301znamny\u0301m klientem byl ty\u0301den\u00edk Ekonom,\u00a0v\u00a0kter\u00e9m jste se mohli setkat s\u00a0my\u0301mi ilustracemi ka\u017edy\u0301 ty\u0301den\u00a0od roku 2005 do konce roku\u00a02009. Spolupr\u00e1ci jsem nav\u00e1zal\u00a0s\u00a0\u010dasopisy Finmag, Puls, Run, ABC, Marianne, Typografie.<\/p>\n<p align=\"left\">Moje sou\u010dasn\u00e1 specializace\u00a0je\u00a0vektorov\u00e1 grafika 2D a\u00a0grafick\u00fd design firemn\u00edch publikac\u00ed (v\u00fdro\u010dn\u00ed zpr\u00e1vy, profily&#8230;). Jinak pro sv\u00e9 klienty realizuji t\u00e9m\u011b\u0159 ve\u0161ker\u00e9 grafick\u00e9 slu\u017eby v\u010detn\u011b\u00a0DTP.<\/p>\n<p align=\"left\">Pracuji v prost\u0159ed\u00ed Apple \/ Adobe,\u00a0QuarkXPress a\u00a0dal\u0161\u00edch.<\/p>\n<p align=\"left\">Uskute\u010dnil jsem 7 v\u00fdstav voln\u00e9 tvorby.<\/p>\n<\/td>\n<\/tr>\n<\/tbody>\n<\/table>\n","protected":false},"excerpt":{"rendered":"<p>Pavel Dufek 732 722 351 du*@*******gn.cz Vystudoval jsem Hollarku a\u00a0n\u00e1sledn\u011b n\u00e1stavbu soci\u00e1ln\u00ed pr\u00e1ce.\u00a0Pracoval jsem v\u00a0reklamn\u00ed agentu\u0159e Srdce Evropy, Leo Burnett\u00a0a\u00a0Euro RSCG (dnes Havas). Od roku 2000 pracuji samostatn\u011b. Grafick\u00fd design Jako OSV\u010c jsem nav\u00e1zal spolupr\u00e1ci jak s koncov\u00fdmi klienty, tak i\u00a0v\u00a0pozici subdodavatele s dal\u0161\u00edmi spole\u010dnostmi.\u00a0Dlouhdob\u011b\u00a0vytv\u00e1\u0159\u00edm (nebo jsem vytv\u00e1\u0159el) grafick\u00fd design pro spole\u010dnosti\u00a0STEM\/MARK, \u010cNB, LETI\u0160T\u011a PRAHA,<\/p>\n","protected":false},"author":1,"featured_media":0,"parent":0,"menu_order":0,"comment_status":"closed","ping_status":"open","template":"fullwidth.php","meta":{"footnotes":""},"class_list":["post-442","page","type-page","status-publish","hentry"],"_links":{"self":[{"href":"https:\/\/dufdesign.cz\/index.php?rest_route=\/wp\/v2\/pages\/442","targetHints":{"allow":["GET"]}}],"collection":[{"href":"https:\/\/dufdesign.cz\/index.php?rest_route=\/wp\/v2\/pages"}],"about":[{"href":"https:\/\/dufdesign.cz\/index.php?rest_route=\/wp\/v2\/types\/page"}],"author":[{"embeddable":true,"href":"https:\/\/dufdesign.cz\/index.php?rest_route=\/wp\/v2\/users\/1"}],"replies":[{"embeddable":true,"href":"https:\/\/dufdesign.cz\/index.php?rest_route=%2Fwp%2Fv2%2Fcomments&post=442"}],"version-history":[{"count":49,"href":"https:\/\/dufdesign.cz\/index.php?rest_route=\/wp\/v2\/pages\/442\/revisions"}],"predecessor-version":[{"id":572,"href":"https:\/\/dufdesign.cz\/index.php?rest_route=\/wp\/v2\/pages\/442\/revisions\/572"}],"wp:attachment":[{"href":"https:\/\/dufdesign.cz\/index.php?rest_route=%2Fwp%2Fv2%2Fmedia&parent=442"}],"curies":[{"name":"wp","href":"https:\/\/api.w.org\/{rel}","templated":true}]}}