{"id":216,"date":"2016-06-23T16:25:31","date_gmt":"2016-06-23T16:25:31","guid":{"rendered":"http:\/\/dufdesign.cz\/wp\/wordpress\/?page_id=216"},"modified":"2016-07-26T20:11:57","modified_gmt":"2016-07-26T20:11:57","slug":"vektorove-ilustrace","status":"publish","type":"page","link":"https:\/\/dufdesign.cz\/?page_id=216","title":{"rendered":"Ilustrace"},"content":{"rendered":"<p>Vektorov\u00e9 ilustrace jsem za\u010dal d\u011blat pro \u010dasopis Men\u2019s Health a tato spolupr\u00e1ce vydr\u017eela mnoho let,<br \/>\nstejn\u011b jako pro \u010dasopis M\u016fj d\u016fm nebo t\u00fdden\u00edk Ekonom.<br \/>\nDal\u0161\u00ed ilustrace jsem d\u011blal i pro \u010dasopis ABC, Marianne, Puls, Run, Finmag, Typografia.<\/p>\n<p>&nbsp;<\/p>\n<p><a title=\"Portr\u00e9ty t\u00fdden\u00edk Ekonom\" href=\"?page_id=391\"><img loading=\"lazy\" decoding=\"async\" class=\"alignnone  wp-image-233\" src=\"http:\/\/dufdesign.cz\/wp\/wordpress\/wp-content\/uploads\/Goralikova-300x300.jpg\" alt=\"Goralikova\" width=\"100\" height=\"100\" \/>\u00a0\u00a0Portr\u00e9ty pro T\u00fdden\u00edk Ekonom<\/a><\/p>\n<p><a title=\"Ilustrace t\u00fdden\u00edk Ekonom\" href=\"?page_id=396\"><img loading=\"lazy\" decoding=\"async\" class=\"alignnone  wp-image-264\" src=\"http:\/\/dufdesign.cz\/wp\/wordpress\/wp-content\/uploads\/klukBublina-300x177.jpg\" alt=\"Finan\u010dn\u00ed bubliny\" width=\"170\" height=\"100\" \/>\u00a0\u00a0Ilustrace\u00a0pro T\u00fdden\u00edk Ekonom<\/a><\/p>\n<p><a title=\"Ilustrace Finmag\" href=\"?page_id=398\"><img loading=\"lazy\" decoding=\"async\" class=\"alignnone  wp-image-276\" src=\"http:\/\/dufdesign.cz\/wp\/wordpress\/wp-content\/uploads\/kozeny1-286x300.jpg\" alt=\"Ko\u017een\u00fd titul\" width=\"95\" height=\"100\" \/>\u00a0 \u00a0Ilustrace\u00a0pro\u00a0\u010dasopis\u00a0Finmag<\/a><\/p>\n<p><a title=\"Ilustarce Men\u2019s health\" href=\"?page_id=401\"><img loading=\"lazy\" decoding=\"async\" class=\"alignnone  wp-image-288\" src=\"http:\/\/dufdesign.cz\/wp\/wordpress\/wp-content\/uploads\/2Bvernisage-300x254.jpg\" alt=\"vernisage\" width=\"118\" height=\"100\" srcset=\"https:\/\/dufdesign.cz\/wp-content\/uploads\/2Bvernisage-300x254.jpg 300w, https:\/\/dufdesign.cz\/wp-content\/uploads\/2Bvernisage.jpg 567w\" sizes=\"auto, (max-width: 118px) 100vw, 118px\" \/>\u00a0\u00a0Ilustrace\u00a0pro\u00a0\u010dasopis Men&#8217;s Health<br \/>\n<\/a><\/p>\n<p><a title=\"Ilustrace Puls\" href=\"?page_id=403\"><img loading=\"lazy\" decoding=\"async\" class=\"alignnone  wp-image-294\" src=\"http:\/\/dufdesign.cz\/wp\/wordpress\/wp-content\/uploads\/titul-290x300.png\" alt=\"titul\" width=\"97\" height=\"100\" srcset=\"https:\/\/dufdesign.cz\/wp-content\/uploads\/titul-290x300.png 290w, https:\/\/dufdesign.cz\/wp-content\/uploads\/titul.png 414w\" sizes=\"auto, (max-width: 97px) 100vw, 97px\" \/>Ilustrace\u00a0pro\u00a0\u010dasopis\u00a0Puls<\/a><\/p>\n<p>&nbsp;<\/p>\n","protected":false},"excerpt":{"rendered":"<p>Vektorov\u00e9 ilustrace jsem za\u010dal d\u011blat pro \u010dasopis Men\u2019s Health a tato spolupr\u00e1ce vydr\u017eela mnoho let, stejn\u011b jako pro \u010dasopis M\u016fj d\u016fm nebo t\u00fdden\u00edk Ekonom. Dal\u0161\u00ed ilustrace jsem d\u011blal i pro \u010dasopis ABC, Marianne, Puls, Run, Finmag, Typografia. &nbsp; \u00a0\u00a0Portr\u00e9ty pro T\u00fdden\u00edk Ekonom \u00a0\u00a0Ilustrace\u00a0pro T\u00fdden\u00edk Ekonom \u00a0 \u00a0Ilustrace\u00a0pro\u00a0\u010dasopis\u00a0Finmag \u00a0\u00a0Ilustrace\u00a0pro\u00a0\u010dasopis Men&#8217;s Health Ilustrace\u00a0pro\u00a0\u010dasopis\u00a0Puls &nbsp;<\/p>\n","protected":false},"author":1,"featured_media":0,"parent":0,"menu_order":0,"comment_status":"closed","ping_status":"open","template":"fullwidth.php","meta":{"footnotes":""},"class_list":["post-216","page","type-page","status-publish","hentry"],"_links":{"self":[{"href":"https:\/\/dufdesign.cz\/index.php?rest_route=\/wp\/v2\/pages\/216","targetHints":{"allow":["GET"]}}],"collection":[{"href":"https:\/\/dufdesign.cz\/index.php?rest_route=\/wp\/v2\/pages"}],"about":[{"href":"https:\/\/dufdesign.cz\/index.php?rest_route=\/wp\/v2\/types\/page"}],"author":[{"embeddable":true,"href":"https:\/\/dufdesign.cz\/index.php?rest_route=\/wp\/v2\/users\/1"}],"replies":[{"embeddable":true,"href":"https:\/\/dufdesign.cz\/index.php?rest_route=%2Fwp%2Fv2%2Fcomments&post=216"}],"version-history":[{"count":13,"href":"https:\/\/dufdesign.cz\/index.php?rest_route=\/wp\/v2\/pages\/216\/revisions"}],"predecessor-version":[{"id":534,"href":"https:\/\/dufdesign.cz\/index.php?rest_route=\/wp\/v2\/pages\/216\/revisions\/534"}],"wp:attachment":[{"href":"https:\/\/dufdesign.cz\/index.php?rest_route=%2Fwp%2Fv2%2Fmedia&parent=216"}],"curies":[{"name":"wp","href":"https:\/\/api.w.org\/{rel}","templated":true}]}}